{"id":628,"date":"2025-07-04T15:21:33","date_gmt":"2025-07-04T13:21:33","guid":{"rendered":"https:\/\/vallaltavinicola.cat\/destacat\/la-uva-y-los-vinedos\/"},"modified":"2025-08-12T08:38:40","modified_gmt":"2025-08-12T06:38:40","slug":"la-uva-y-los-vinedos","status":"publish","type":"destacat","link":"https:\/\/vallaltavinicola.cat\/es\/destacat\/la-uva-y-los-vinedos\/","title":{"rendered":"La uva y los vi\u00f1edos"},"content":{"rendered":"\n<p>Nuestra uva proviene de vi\u00f1edos propios, donde cuidamos cada cepa para garantizar una expresi\u00f3n varietal genuina. Los vi\u00f1edos est\u00e1n integrados en un entorno natural privilegiado de una tierra con tradici\u00f3n vit\u00edcola milenaria.<\/p>\n","protected":false},"featured_media":506,"template":"","meta":{"_acf_changed":false},"class_list":["post-628","destacat","type-destacat","status-publish","has-post-thumbnail","hentry"],"acf":[],"yoast_head":"<!-- This site is optimized with the Yoast SEO plugin v27.1.1 - https:\/\/yoast.com\/product\/yoast-seo-wordpress\/ -->\n<title>La uva y los vi\u00f1edos - Vallalta Vin\u00edcola<\/title>\n<meta name=\"robots\" content=\"index, follow, max-snippet:-1, max-image-preview:large, max-video-preview:-1\" \/>\n<link rel=\"canonical\" href=\"https:\/\/vallaltavinicola.cat\/es\/destacat\/la-uva-y-los-vinedos\/\" \/>\n<meta property=\"og:locale\" content=\"es_ES\" \/>\n<meta property=\"og:type\" content=\"article\" \/>\n<meta property=\"og:title\" content=\"La uva y los vi\u00f1edos - Vallalta Vin\u00edcola\" \/>\n<meta property=\"og:description\" content=\"Nuestra uva proviene de vi\u00f1edos propios, donde cuidamos cada cepa para garantizar una expresi\u00f3n varietal genuina. Los vi\u00f1edos est\u00e1n integrados en un entorno natural privilegiado de una tierra con tradici\u00f3n vit\u00edcola milenaria.\" \/>\n<meta property=\"og:url\" content=\"https:\/\/vallaltavinicola.cat\/es\/destacat\/la-uva-y-los-vinedos\/\" \/>\n<meta property=\"og:site_name\" content=\"Vallalta Vin\u00edcola\" \/>\n<meta property=\"article:modified_time\" content=\"2025-08-12T06:38:40+00:00\" \/>\n<meta property=\"og:image\" content=\"https:\/\/vallaltavinicola.cat\/wp-content\/uploads\/2025\/06\/Captura-de-pantalla-2025-06-25-a-las-11.48.22-931x1024.png\" \/>\n\t<meta property=\"og:image:width\" content=\"931\" \/>\n\t<meta property=\"og:image:height\" content=\"1024\" \/>\n\t<meta property=\"og:image:type\" content=\"image\/png\" \/>\n<meta name=\"twitter:card\" content=\"summary_large_image\" \/>\n<script type=\"application\/ld+json\" class=\"yoast-schema-graph\">{\"@context\":\"https:\/\/schema.org\",\"@graph\":[{\"@type\":\"WebPage\",\"@id\":\"https:\/\/vallaltavinicola.cat\/es\/destacat\/la-uva-y-los-vinedos\/\",\"url\":\"https:\/\/vallaltavinicola.cat\/es\/destacat\/la-uva-y-los-vinedos\/\",\"name\":\"La uva y los vi\u00f1edos - Vallalta Vin\u00edcola\",\"isPartOf\":{\"@id\":\"https:\/\/vallaltavinicola.cat\/es\/#website\"},\"primaryImageOfPage\":{\"@id\":\"https:\/\/vallaltavinicola.cat\/es\/destacat\/la-uva-y-los-vinedos\/#primaryimage\"},\"image\":{\"@id\":\"https:\/\/vallaltavinicola.cat\/es\/destacat\/la-uva-y-los-vinedos\/#primaryimage\"},\"thumbnailUrl\":\"https:\/\/vallaltavinicola.cat\/wp-content\/uploads\/2025\/06\/Captura-de-pantalla-2025-06-25-a-las-11.48.22.png\",\"datePublished\":\"2025-07-04T13:21:33+00:00\",\"dateModified\":\"2025-08-12T06:38:40+00:00\",\"breadcrumb\":{\"@id\":\"https:\/\/vallaltavinicola.cat\/es\/destacat\/la-uva-y-los-vinedos\/#breadcrumb\"},\"inLanguage\":\"es\",\"potentialAction\":[{\"@type\":\"ReadAction\",\"target\":[\"https:\/\/vallaltavinicola.cat\/es\/destacat\/la-uva-y-los-vinedos\/\"]}]},{\"@type\":\"ImageObject\",\"inLanguage\":\"es\",\"@id\":\"https:\/\/vallaltavinicola.cat\/es\/destacat\/la-uva-y-los-vinedos\/#primaryimage\",\"url\":\"https:\/\/vallaltavinicola.cat\/wp-content\/uploads\/2025\/06\/Captura-de-pantalla-2025-06-25-a-las-11.48.22.png\",\"contentUrl\":\"https:\/\/vallaltavinicola.cat\/wp-content\/uploads\/2025\/06\/Captura-de-pantalla-2025-06-25-a-las-11.48.22.png\",\"width\":1178,\"height\":1296},{\"@type\":\"BreadcrumbList\",\"@id\":\"https:\/\/vallaltavinicola.cat\/es\/destacat\/la-uva-y-los-vinedos\/#breadcrumb\",\"itemListElement\":[{\"@type\":\"ListItem\",\"position\":1,\"name\":\"Inici\",\"item\":\"https:\/\/vallaltavinicola.cat\/es\/inicio\/\"},{\"@type\":\"ListItem\",\"position\":2,\"name\":\"La uva y los vi\u00f1edos\"}]},{\"@type\":\"WebSite\",\"@id\":\"https:\/\/vallaltavinicola.cat\/es\/#website\",\"url\":\"https:\/\/vallaltavinicola.cat\/es\/\",\"name\":\"Vallalta Vin\u00edcola\",\"description\":\"Artesans del vi i de la vinya de l&#039;Alt Maresme\",\"publisher\":{\"@id\":\"https:\/\/vallaltavinicola.cat\/es\/#organization\"},\"alternateName\":\"vallaltavinicola.cat\",\"potentialAction\":[{\"@type\":\"SearchAction\",\"target\":{\"@type\":\"EntryPoint\",\"urlTemplate\":\"https:\/\/vallaltavinicola.cat\/es\/?s={search_term_string}\"},\"query-input\":{\"@type\":\"PropertyValueSpecification\",\"valueRequired\":true,\"valueName\":\"search_term_string\"}}],\"inLanguage\":\"es\"},{\"@type\":\"Organization\",\"@id\":\"https:\/\/vallaltavinicola.cat\/es\/#organization\",\"name\":\"Vallalta Vin\u00edcola\",\"alternateName\":\"vallaltavinicola.cat\",\"url\":\"https:\/\/vallaltavinicola.cat\/es\/\",\"logo\":{\"@type\":\"ImageObject\",\"inLanguage\":\"es\",\"@id\":\"https:\/\/vallaltavinicola.cat\/es\/#\/schema\/logo\/image\/\",\"url\":\"https:\/\/vallaltavinicola.cat\/wp-content\/uploads\/2025\/06\/logo-vallalta-vinicola-idili-grafic.png\",\"contentUrl\":\"https:\/\/vallaltavinicola.cat\/wp-content\/uploads\/2025\/06\/logo-vallalta-vinicola-idili-grafic.png\",\"width\":550,\"height\":450,\"caption\":\"Vallalta Vin\u00edcola\"},\"image\":{\"@id\":\"https:\/\/vallaltavinicola.cat\/es\/#\/schema\/logo\/image\/\"},\"sameAs\":[\"https:\/\/www.instagram.com\/vallalta_vinicola\/\"]}]}<\/script>\n<!-- \/ Yoast SEO plugin. -->","yoast_head_json":{"title":"La uva y los vi\u00f1edos - Vallalta Vin\u00edcola","robots":{"index":"index","follow":"follow","max-snippet":"max-snippet:-1","max-image-preview":"max-image-preview:large","max-video-preview":"max-video-preview:-1"},"canonical":"https:\/\/vallaltavinicola.cat\/es\/destacat\/la-uva-y-los-vinedos\/","og_locale":"es_ES","og_type":"article","og_title":"La uva y los vi\u00f1edos - Vallalta Vin\u00edcola","og_description":"Nuestra uva proviene de vi\u00f1edos propios, donde cuidamos cada cepa para garantizar una expresi\u00f3n varietal genuina. Los vi\u00f1edos est\u00e1n integrados en un entorno natural privilegiado de una tierra con tradici\u00f3n vit\u00edcola milenaria.","og_url":"https:\/\/vallaltavinicola.cat\/es\/destacat\/la-uva-y-los-vinedos\/","og_site_name":"Vallalta Vin\u00edcola","article_modified_time":"2025-08-12T06:38:40+00:00","og_image":[{"width":931,"height":1024,"url":"https:\/\/vallaltavinicola.cat\/wp-content\/uploads\/2025\/06\/Captura-de-pantalla-2025-06-25-a-las-11.48.22-931x1024.png","type":"image\/png"}],"twitter_card":"summary_large_image","schema":{"@context":"https:\/\/schema.org","@graph":[{"@type":"WebPage","@id":"https:\/\/vallaltavinicola.cat\/es\/destacat\/la-uva-y-los-vinedos\/","url":"https:\/\/vallaltavinicola.cat\/es\/destacat\/la-uva-y-los-vinedos\/","name":"La uva y los vi\u00f1edos - Vallalta Vin\u00edcola","isPartOf":{"@id":"https:\/\/vallaltavinicola.cat\/es\/#website"},"primaryImageOfPage":{"@id":"https:\/\/vallaltavinicola.cat\/es\/destacat\/la-uva-y-los-vinedos\/#primaryimage"},"image":{"@id":"https:\/\/vallaltavinicola.cat\/es\/destacat\/la-uva-y-los-vinedos\/#primaryimage"},"thumbnailUrl":"https:\/\/vallaltavinicola.cat\/wp-content\/uploads\/2025\/06\/Captura-de-pantalla-2025-06-25-a-las-11.48.22.png","datePublished":"2025-07-04T13:21:33+00:00","dateModified":"2025-08-12T06:38:40+00:00","breadcrumb":{"@id":"https:\/\/vallaltavinicola.cat\/es\/destacat\/la-uva-y-los-vinedos\/#breadcrumb"},"inLanguage":"es","potentialAction":[{"@type":"ReadAction","target":["https:\/\/vallaltavinicola.cat\/es\/destacat\/la-uva-y-los-vinedos\/"]}]},{"@type":"ImageObject","inLanguage":"es","@id":"https:\/\/vallaltavinicola.cat\/es\/destacat\/la-uva-y-los-vinedos\/#primaryimage","url":"https:\/\/vallaltavinicola.cat\/wp-content\/uploads\/2025\/06\/Captura-de-pantalla-2025-06-25-a-las-11.48.22.png","contentUrl":"https:\/\/vallaltavinicola.cat\/wp-content\/uploads\/2025\/06\/Captura-de-pantalla-2025-06-25-a-las-11.48.22.png","width":1178,"height":1296},{"@type":"BreadcrumbList","@id":"https:\/\/vallaltavinicola.cat\/es\/destacat\/la-uva-y-los-vinedos\/#breadcrumb","itemListElement":[{"@type":"ListItem","position":1,"name":"Inici","item":"https:\/\/vallaltavinicola.cat\/es\/inicio\/"},{"@type":"ListItem","position":2,"name":"La uva y los vi\u00f1edos"}]},{"@type":"WebSite","@id":"https:\/\/vallaltavinicola.cat\/es\/#website","url":"https:\/\/vallaltavinicola.cat\/es\/","name":"Vallalta Vin\u00edcola","description":"Artesans del vi i de la vinya de l&#039;Alt Maresme","publisher":{"@id":"https:\/\/vallaltavinicola.cat\/es\/#organization"},"alternateName":"vallaltavinicola.cat","potentialAction":[{"@type":"SearchAction","target":{"@type":"EntryPoint","urlTemplate":"https:\/\/vallaltavinicola.cat\/es\/?s={search_term_string}"},"query-input":{"@type":"PropertyValueSpecification","valueRequired":true,"valueName":"search_term_string"}}],"inLanguage":"es"},{"@type":"Organization","@id":"https:\/\/vallaltavinicola.cat\/es\/#organization","name":"Vallalta Vin\u00edcola","alternateName":"vallaltavinicola.cat","url":"https:\/\/vallaltavinicola.cat\/es\/","logo":{"@type":"ImageObject","inLanguage":"es","@id":"https:\/\/vallaltavinicola.cat\/es\/#\/schema\/logo\/image\/","url":"https:\/\/vallaltavinicola.cat\/wp-content\/uploads\/2025\/06\/logo-vallalta-vinicola-idili-grafic.png","contentUrl":"https:\/\/vallaltavinicola.cat\/wp-content\/uploads\/2025\/06\/logo-vallalta-vinicola-idili-grafic.png","width":550,"height":450,"caption":"Vallalta Vin\u00edcola"},"image":{"@id":"https:\/\/vallaltavinicola.cat\/es\/#\/schema\/logo\/image\/"},"sameAs":["https:\/\/www.instagram.com\/vallalta_vinicola\/"]}]}},"_links":{"self":[{"href":"https:\/\/vallaltavinicola.cat\/es\/wp-json\/wp\/v2\/destacat\/628","targetHints":{"allow":["GET"]}}],"collection":[{"href":"https:\/\/vallaltavinicola.cat\/es\/wp-json\/wp\/v2\/destacat"}],"about":[{"href":"https:\/\/vallaltavinicola.cat\/es\/wp-json\/wp\/v2\/types\/destacat"}],"wp:featuredmedia":[{"embeddable":true,"href":"https:\/\/vallaltavinicola.cat\/es\/wp-json\/wp\/v2\/media\/506"}],"wp:attachment":[{"href":"https:\/\/vallaltavinicola.cat\/es\/wp-json\/wp\/v2\/media?parent=628"}],"curies":[{"name":"wp","href":"https:\/\/api.w.org\/{rel}","templated":true}]}}